{"id":52566,"date":"2020-04-21T11:31:56","date_gmt":"2020-04-21T11:31:56","guid":{"rendered":"https:\/\/viaferratacaladelmoli.com\/informacions\/"},"modified":"2026-04-02T20:08:14","modified_gmt":"2026-04-02T20:08:14","slug":"informacions","status":"publish","type":"page","link":"https:\/\/viaferratacaladelmoli.com\/ca\/informacions\/","title":{"rendered":"Informacions"},"content":{"rendered":"<p>[et_pb_section fb_built=&#8221;1&#8243; inner_shadow=&#8221;on&#8221; fullwidth=&#8221;on&#8221; custom_padding_last_edited=&#8221;on|desktop&#8221; admin_label=&#8221;section&#8221; _builder_version=&#8221;4.16&#8243; background_color=&#8221;#6aceb6&#8243; background_image=&#8221;https:\/\/viaferratacaladelmoli.com\/wp-content\/uploads\/2016\/11\/fotoviaferratanew555.6-1.jpg&#8221; parallax=&#8221;on&#8221; parallax_method=&#8221;off&#8221; custom_margin=&#8221;-50px||-50px|&#8221; custom_padding_tablet=&#8221;50px|0|50px|0&#8243; custom_padding_phone=&#8221;&#8221; transparent_background=&#8221;off&#8221; padding_mobile=&#8221;off&#8221; global_colors_info=&#8221;{}&#8221;][et_pb_fullwidth_header subhead=&#8221;Estem preparats perqu\u00e8 el teu excursi\u00f3 a la via Ferrada sigui fant\u00e0stica&#8221; header_fullscreen=&#8221;on&#8221; background_overlay_color=&#8221;rgba(0,0,0,0)&#8221; admin_label=&#8221;T\u00edtulo de anchura completa&#8221; _builder_version=&#8221;4.16&#8243; subhead_font_size=&#8221;21px&#8221; background_color=&#8221;rgba(255, 255, 255, 0)&#8221; background_image=&#8221;https:\/\/viaferratacaladelmoli.com\/wp-content\/uploads\/2018\/04\/IMG-viaferratacoo1.gif&#8221; background_url=&#8221;https:\/\/viaferratacaladelmoli.com\/wp-content\/uploads\/2017\/01\/viaferrataquienessomos.gif&#8221; global_colors_info=&#8221;{}&#8221; button_one_text_size__hover_enabled=&#8221;off&#8221; button_two_text_size__hover_enabled=&#8221;off&#8221; button_one_text_color__hover_enabled=&#8221;off&#8221; button_two_text_color__hover_enabled=&#8221;off&#8221; button_one_border_width__hover_enabled=&#8221;off&#8221; button_two_border_width__hover_enabled=&#8221;off&#8221; button_one_border_color__hover_enabled=&#8221;off&#8221; button_two_border_color__hover_enabled=&#8221;off&#8221; button_one_border_radius__hover_enabled=&#8221;off&#8221; button_two_border_radius__hover_enabled=&#8221;off&#8221; button_one_letter_spacing__hover_enabled=&#8221;off&#8221; button_two_letter_spacing__hover_enabled=&#8221;off&#8221; button_one_bg_color__hover_enabled=&#8221;off&#8221; button_two_bg_color__hover_enabled=&#8221;off&#8221;][\/et_pb_fullwidth_header][\/et_pb_section][et_pb_section fb_built=&#8221;1&#8243; _builder_version=&#8221;4.16&#8243; global_colors_info=&#8221;{}&#8221;][et_pb_row _builder_version=&#8221;4.16&#8243; global_colors_info=&#8221;{}&#8221;][et_pb_column type=&#8221;4_4&#8243; _builder_version=&#8221;4.16&#8243; global_colors_info=&#8221;{}&#8221;][et_pb_text _builder_version=&#8221;4.16&#8243; text_text_color=&#8221;#000000&#8243; text_font_size=&#8221;21px&#8221; global_colors_info=&#8221;{}&#8221;]<strong>La via ferrada cala del moli es divideix en dues parts connectades: (podeu sortir al centre)<\/strong>[\/et_pb_text][\/et_pb_column][\/et_pb_row][et_pb_row _builder_version=&#8221;4.16&#8243; global_colors_info=&#8221;{}&#8221;][et_pb_column type=&#8221;4_4&#8243; _builder_version=&#8221;4.16&#8243; global_colors_info=&#8221;{}&#8221;][et_pb_text _builder_version=&#8221;4.16&#8243; text_text_color=&#8221;#000000&#8243; text_font_size=&#8221;20px&#8221; global_colors_info=&#8221;{}&#8221;]. Secci\u00f3 1: Nivell K2 (H\u00fcsler) adequat per a principiants<\/p>\n<p>. Secci\u00f3 2: Nivell K3 (H\u00fcsler) adequat per a principiants[\/et_pb_text][\/et_pb_column][\/et_pb_row][et_pb_row column_structure=&#8221;1_2,1_2&#8243; _builder_version=&#8221;4.16&#8243; global_colors_info=&#8221;{}&#8221;][et_pb_column type=&#8221;1_2&#8243; _builder_version=&#8221;4.16&#8243; global_colors_info=&#8221;{}&#8221;][et_pb_blurb title=&#8221; Temporada:&#8221; image=&#8221;https:\/\/viaferratacaladelmoli.com\/wp-content\/uploads\/2020\/04\/TEMPORADA.png&#8221; icon_placement=&#8221;left&#8221; _builder_version=&#8221;4.27.6&#8243; body_text_color=&#8221;#000000&#8243; body_font_size=&#8221;18px&#8221; hover_enabled=&#8221;0&#8243; border_color_all_image=&#8221;#e09900&#8243; global_colors_info=&#8221;{}&#8221; sticky_enabled=&#8221;0&#8243;]<\/p>\n<p>A partir del 2026, ambdues seccions de la Via Ferrata estaran tancades de l&#8217;1 de desembre al 15 de juny.<\/p>\n<p>Tota la Via Ferrata estar\u00e0 oberta del 15 de juny a l&#8217;1 de desembre.<\/p>\n<p>[\/et_pb_blurb][et_pb_blurb title=&#8221;Nivell: k2 \/ k3 Esportista principiant \/ principiant&#8221; image=&#8221;https:\/\/viaferratacaladelmoli.com\/wp-content\/uploads\/2020\/04\/NIVEL.png&#8221; icon_placement=&#8221;left&#8221; _builder_version=&#8221;4.16&#8243; border_color_all_image=&#8221;#e09900&#8243; global_colors_info=&#8221;{}&#8221;][\/et_pb_blurb][et_pb_blurb title=&#8221;Acc\u00e9s: a 10 des del Mirador de Calle Sicilia&#8221; image=&#8221;https:\/\/viaferratacaladelmoli.com\/wp-content\/uploads\/2020\/04\/ACESO.png&#8221; icon_placement=&#8221;left&#8221; _builder_version=&#8221;4.16&#8243; border_color_all_image=&#8221;#e09900&#8243; global_colors_info=&#8221;{}&#8221;][\/et_pb_blurb][et_pb_blurb title=&#8221;Tornada: a 10 \u201ddes del Mirador de carrer Sic\u00edlia&#8221; image=&#8221;https:\/\/viaferratacaladelmoli.com\/wp-content\/uploads\/2020\/04\/RETORNO.png&#8221; icon_placement=&#8221;left&#8221; _builder_version=&#8221;4.16&#8243; border_color_all_image=&#8221;#e09900&#8243; global_colors_info=&#8221;{}&#8221;][\/et_pb_blurb][et_pb_blurb title=&#8221;Longitud: 480 metres&#8221; image=&#8221;https:\/\/viaferratacaladelmoli.com\/wp-content\/uploads\/2020\/04\/longitud.png&#8221; icon_placement=&#8221;left&#8221; _builder_version=&#8221;4.16&#8243; border_color_all_image=&#8221;#e09900&#8243; global_colors_info=&#8221;{}&#8221;][\/et_pb_blurb][et_pb_blurb title=&#8221;Al\u00e7ada: 28 metres \/ mar&#8221; image=&#8221;https:\/\/viaferratacaladelmoli.com\/wp-content\/uploads\/2020\/04\/ALTURA.png&#8221; icon_placement=&#8221;left&#8221; _builder_version=&#8221;4.16&#8243; border_color_all_image=&#8221;#e09900&#8243; global_colors_info=&#8221;{}&#8221;][\/et_pb_blurb][et_pb_blurb title=&#8221;Ponts: 3 nepalesos, 3 tibetans, 1 de fusta&#8221; image=&#8221;https:\/\/viaferratacaladelmoli.com\/wp-content\/uploads\/2020\/04\/PUENTE.png&#8221; icon_placement=&#8221;left&#8221; _builder_version=&#8221;4.16&#8243; border_color_all_image=&#8221;#e09900&#8243; global_colors_info=&#8221;{}&#8221;][\/et_pb_blurb][et_pb_blurb title=&#8221;Mida del grup: m\u00e0xim 8 persones \/ gu\u00eda&#8221; image=&#8221;https:\/\/viaferratacaladelmoli.com\/wp-content\/uploads\/2020\/04\/tamano-1.png&#8221; icon_placement=&#8221;left&#8221; _builder_version=&#8221;4.16&#8243; border_color_all_image=&#8221;#e09900&#8243; global_colors_info=&#8221;{}&#8221;][\/et_pb_blurb][et_pb_blurb title=&#8221;Localitzaci\u00f3: Sant Feliu de Guixols&#8221; image=&#8221;https:\/\/viaferratacaladelmoli.com\/wp-content\/uploads\/2020\/04\/UBICACION.png&#8221; icon_placement=&#8221;left&#8221; _builder_version=&#8221;4.16&#8243; border_color_all_image=&#8221;#e09900&#8243; global_colors_info=&#8221;{}&#8221;][\/et_pb_blurb][et_pb_blurb title=&#8221;Edat m\u00ednima: 13 anys, al\u00e7ada m\u00ednima 1,5 m. Els menors d\u2019edat sempre han d\u2019anar acompanyats d\u2019un adult&#8221; image=&#8221;https:\/\/viaferratacaladelmoli.com\/wp-content\/uploads\/2020\/04\/EDAD.png&#8221; icon_placement=&#8221;left&#8221; _builder_version=&#8221;4.16&#8243; border_color_all_image=&#8221;#e09900&#8243; global_colors_info=&#8221;{}&#8221;][\/et_pb_blurb][\/et_pb_column][et_pb_column type=&#8221;1_2&#8243; _builder_version=&#8221;4.16&#8243; global_colors_info=&#8221;{}&#8221;][\/et_pb_column][\/et_pb_row][et_pb_row _builder_version=&#8221;4.16&#8243; global_colors_info=&#8221;{}&#8221;][et_pb_column type=&#8221;4_4&#8243; _builder_version=&#8221;4.16&#8243; global_colors_info=&#8221;{}&#8221;][et_pb_text _builder_version=&#8221;4.16&#8243; text_text_color=&#8221;#000000&#8243; text_font_size=&#8221;21px&#8221; global_colors_info=&#8221;{}&#8221;]<\/p>\n<p>La via ferrada Cala del Moli \u00e9s una via coneguda i practicada, sobretot els caps de setmana i a l&#8217;estiu.<\/p>\n<p>[\/et_pb_text][\/et_pb_column][\/et_pb_row][et_pb_row _builder_version=&#8221;4.16&#8243; global_colors_info=&#8221;{}&#8221;][et_pb_column type=&#8221;4_4&#8243; _builder_version=&#8221;4.16&#8243; global_colors_info=&#8221;{}&#8221;][et_pb_text _builder_version=&#8221;4.16&#8243; text_text_color=&#8221;#000000&#8243; text_font_size=&#8221;21px&#8221; global_colors_info=&#8221;{}&#8221;]<\/p>\n<p>&#8211; Si no vols trobar molta gent i molta calor : es millor comen\u00e7ar abans de les 9h o anar per la tarda ( hi ha sombra a la via per la tarda).<\/p>\n<p>[\/et_pb_text][\/et_pb_column][\/et_pb_row][et_pb_row _builder_version=&#8221;4.16&#8243; _module_preset=&#8221;default&#8221; global_colors_info=&#8221;{}&#8221;][et_pb_column type=&#8221;4_4&#8243; _builder_version=&#8221;4.16&#8243; _module_preset=&#8221;default&#8221; global_colors_info=&#8221;{}&#8221;][et_pb_text _builder_version=&#8221;4.16&#8243; _module_preset=&#8221;default&#8221; text_font=&#8221;|600|||||||&#8221; text_text_color=&#8221;#000000&#8243; text_font_size=&#8221;22px&#8221; global_colors_info=&#8221;{}&#8221;]<\/p>\n<p>Peque\u00f1os consejos muy importantes para hacer una via ferrata en verano :<\/p>\n<p>[\/et_pb_text][et_pb_text _builder_version=&#8221;4.16&#8243; _module_preset=&#8221;default&#8221; text_font=&#8221;||||||||&#8221; text_text_color=&#8221;#000000&#8243; text_font_size=&#8221;19px&#8221; global_colors_info=&#8221;{}&#8221;]<\/p>\n<p>-No abrigarse mucho, porque primero hace mucho calor y ademas hacer la via ferrata pide esfuerzo y calienta mucho el cuerpo.<\/p>\n<p>-Coger como m\u00ednimo 1litro de agua por persona, pero eso depender\u00e1 de la duraci\u00f3n de la via !<\/p>\n<p>&#8211; Llevar guantes, porque las manos pueden resbalar mucho con el sudor (y a veces con la crema solar\u2026). Los guantes ayudan muchisimo sobre todo en verano<\/p>\n<p>[\/et_pb_text][\/et_pb_column][\/et_pb_row][et_pb_row column_structure=&#8221;1_3,1_3,1_3&#8243; _builder_version=&#8221;4.16&#8243; global_colors_info=&#8221;{}&#8221;][et_pb_column type=&#8221;1_3&#8243; _builder_version=&#8221;4.16&#8243; global_colors_info=&#8221;{}&#8221;][\/et_pb_column][et_pb_column type=&#8221;1_3&#8243; _builder_version=&#8221;4.16&#8243; global_colors_info=&#8221;{}&#8221;][\/et_pb_column][et_pb_column type=&#8221;1_3&#8243; _builder_version=&#8221;4.16&#8243; global_colors_info=&#8221;{}&#8221;][et_pb_blurb_extended title=&#8221;Vols m\u00e9s informaci\u00f3 de la Via Ferrata Cala del Mol\u00ed&#8221; url=&#8221;https:\/\/viaferratacaladelmoli.com\/contacto-via-ferrata-cala-del-moli-sant-feliu-de-guixols-costa-brava-girona-spain\/&#8221; read_more_button=&#8221;on&#8221; read_more_text=&#8221;M\u00e9s informaci\u00f3&#8221; read_more_hover_background_color=&#8221;#f2f2f2&#8243; read_more_hover_text_color=&#8221;#000000&#8243; use_icon=&#8221;on&#8221; font_icon=&#8221;&#x52;||divi||400&#8243; icon_color=&#8221;#f2f2f2&#8243; use_icon_font_size=&#8221;on&#8221; icon_font_size=&#8221;30px&#8221; icon_hover_color=&#8221;#000000&#8243; style_icon=&#8221;on&#8221; shape_color=&#8221;rgba(43,130,58,0.79)&#8221; shape_hover_color=&#8221;#edf000&#8243; use_shape_border=&#8221;on&#8221; shape_border_hover_color=&#8221;#000000&#8243; content_background_color=&#8221;#e09900&#8243; text_hover_color=&#8221;#e09900&#8243; blurb_layout=&#8221;borderbox&#8221; borderbox_border_color=&#8221;rgba(43,130,58,0.79)&#8221; _builder_version=&#8221;4.16&#8243; header_text_color=&#8221;#efefef&#8221; custom_read_more=&#8221;on&#8221; read_more_text_size=&#8221;15px&#8221; read_more_text_color=&#8221;#000000&#8243; read_more_bg_color=&#8221;#efefef&#8221; global_colors_info=&#8221;{}&#8221;][\/et_pb_blurb_extended][\/et_pb_column][\/et_pb_row][et_pb_row _builder_version=&#8221;4.16&#8243; _module_preset=&#8221;default&#8221; global_colors_info=&#8221;{}&#8221;][et_pb_column type=&#8221;4_4&#8243; _builder_version=&#8221;4.16&#8243; _module_preset=&#8221;default&#8221; global_colors_info=&#8221;{}&#8221;][et_pb_text _builder_version=&#8221;4.16&#8243; _module_preset=&#8221;default&#8221; global_colors_info=&#8221;{}&#8221;]<\/p>\n<p><iframe loading=\"lazy\" title=\"YouTube video player\" src=\"https:\/\/www.youtube.com\/embed\/qIX0NdpX7T8\" width=\"906\" height=\"408\" frameborder=\"0\" allowfullscreen=\"allowfullscreen\"><\/iframe><\/p>\n<p>[\/et_pb_text][\/et_pb_column][\/et_pb_row][\/et_pb_section]<\/p>\n","protected":false},"excerpt":{"rendered":"<p>La via ferrada cala del moli es divideix en dues parts connectades: (podeu sortir al centre). Secci\u00f3 1: Nivell K2 (H\u00fcsler) adequat per a principiants . Secci\u00f3 2: Nivell K3 (H\u00fcsler) adequat per a principiantsA partir del 2026, ambdues seccions de la Via Ferrata estaran tancades de l&#8217;1 de desembre al 15 de juny. Tota [&hellip;]<\/p>\n","protected":false},"author":1,"featured_media":0,"parent":0,"menu_order":0,"comment_status":"closed","ping_status":"closed","template":"","meta":{"_et_pb_use_builder":"on","_et_pb_old_content":"","_et_gb_content_width":"","_joinchat":[],"footnotes":""},"class_list":["post-52566","page","type-page","status-publish","hentry"],"yoast_head":"<!-- This site is optimized with the Yoast SEO plugin v27.4 - https:\/\/yoast.com\/product\/yoast-seo-wordpress\/ -->\n<title>Informacions<\/title>\n<meta name=\"robots\" content=\"index, follow, max-snippet:-1, max-image-preview:large, max-video-preview:-1\" \/>\n<link rel=\"canonical\" href=\"https:\/\/viaferratacaladelmoli.com\/ca\/informacions\/\" \/>\n<meta property=\"og:locale\" content=\"ca_ES\" \/>\n<meta property=\"og:type\" content=\"article\" \/>\n<meta property=\"og:title\" content=\"Informacions\" \/>\n<meta property=\"og:description\" content=\"La via ferrada cala del moli es divideix en dues parts connectades: (podeu sortir al centre). Secci\u00f3 1: Nivell K2 (H\u00fcsler) adequat per a principiants . Secci\u00f3 2: Nivell K3 (H\u00fcsler) adequat per a principiantsA partir del 2026, ambdues seccions de la Via Ferrata estaran tancades de l&#039;1 de desembre al 15 de juny. Tota [&hellip;]\" \/>\n<meta property=\"og:url\" content=\"https:\/\/viaferratacaladelmoli.com\/ca\/informacions\/\" \/>\n<meta property=\"og:site_name\" content=\"Via Ferrata Cala del Moli\" \/>\n<meta property=\"article:publisher\" content=\"https:\/\/www.facebook.com\/Via-ferrata-cala-del-moli-1613952665562149\/?fref=ts\" \/>\n<meta property=\"article:modified_time\" content=\"2026-04-02T20:08:14+00:00\" \/>\n<meta name=\"twitter:card\" content=\"summary_large_image\" \/>\n<meta name=\"twitter:site\" content=\"@caladelmoli\" \/>\n<meta name=\"twitter:label1\" content=\"Temps estimat de lectura\" \/>\n\t<meta name=\"twitter:data1\" content=\"4 minuts\" \/>\n<script type=\"application\/ld+json\" class=\"yoast-schema-graph\">{\"@context\":\"https:\\\/\\\/schema.org\",\"@graph\":[{\"@type\":\"WebPage\",\"@id\":\"https:\\\/\\\/viaferratacaladelmoli.com\\\/ca\\\/informacions\\\/\",\"url\":\"https:\\\/\\\/viaferratacaladelmoli.com\\\/ca\\\/informacions\\\/\",\"name\":\"Informacions\",\"isPartOf\":{\"@id\":\"https:\\\/\\\/viaferratacaladelmoli.com\\\/#website\"},\"datePublished\":\"2020-04-21T11:31:56+00:00\",\"dateModified\":\"2026-04-02T20:08:14+00:00\",\"breadcrumb\":{\"@id\":\"https:\\\/\\\/viaferratacaladelmoli.com\\\/ca\\\/informacions\\\/#breadcrumb\"},\"inLanguage\":\"ca\",\"potentialAction\":[{\"@type\":\"ReadAction\",\"target\":[\"https:\\\/\\\/viaferratacaladelmoli.com\\\/ca\\\/informacions\\\/\"]}]},{\"@type\":\"BreadcrumbList\",\"@id\":\"https:\\\/\\\/viaferratacaladelmoli.com\\\/ca\\\/informacions\\\/#breadcrumb\",\"itemListElement\":[{\"@type\":\"ListItem\",\"position\":1,\"name\":\"Portada\",\"item\":\"https:\\\/\\\/viaferratacaladelmoli.com\\\/ca\\\/\"},{\"@type\":\"ListItem\",\"position\":2,\"name\":\"Informacions\"}]},{\"@type\":\"WebSite\",\"@id\":\"https:\\\/\\\/viaferratacaladelmoli.com\\\/#website\",\"url\":\"https:\\\/\\\/viaferratacaladelmoli.com\\\/\",\"name\":\"Via Ferrata Cala del Moli\",\"description\":\"via Ferrata Cala del Moli, Sant Feliu de Guixols, Girona, spain\",\"potentialAction\":[{\"@type\":\"SearchAction\",\"target\":{\"@type\":\"EntryPoint\",\"urlTemplate\":\"https:\\\/\\\/viaferratacaladelmoli.com\\\/?s={search_term_string}\"},\"query-input\":{\"@type\":\"PropertyValueSpecification\",\"valueRequired\":true,\"valueName\":\"search_term_string\"}}],\"inLanguage\":\"ca\"}]}<\/script>\n<!-- \/ Yoast SEO plugin. -->","yoast_head_json":{"title":"Informacions","robots":{"index":"index","follow":"follow","max-snippet":"max-snippet:-1","max-image-preview":"max-image-preview:large","max-video-preview":"max-video-preview:-1"},"canonical":"https:\/\/viaferratacaladelmoli.com\/ca\/informacions\/","og_locale":"ca_ES","og_type":"article","og_title":"Informacions","og_description":"La via ferrada cala del moli es divideix en dues parts connectades: (podeu sortir al centre). Secci\u00f3 1: Nivell K2 (H\u00fcsler) adequat per a principiants . Secci\u00f3 2: Nivell K3 (H\u00fcsler) adequat per a principiantsA partir del 2026, ambdues seccions de la Via Ferrata estaran tancades de l'1 de desembre al 15 de juny. Tota [&hellip;]","og_url":"https:\/\/viaferratacaladelmoli.com\/ca\/informacions\/","og_site_name":"Via Ferrata Cala del Moli","article_publisher":"https:\/\/www.facebook.com\/Via-ferrata-cala-del-moli-1613952665562149\/?fref=ts","article_modified_time":"2026-04-02T20:08:14+00:00","twitter_card":"summary_large_image","twitter_site":"@caladelmoli","twitter_misc":{"Temps estimat de lectura":"4 minuts"},"schema":{"@context":"https:\/\/schema.org","@graph":[{"@type":"WebPage","@id":"https:\/\/viaferratacaladelmoli.com\/ca\/informacions\/","url":"https:\/\/viaferratacaladelmoli.com\/ca\/informacions\/","name":"Informacions","isPartOf":{"@id":"https:\/\/viaferratacaladelmoli.com\/#website"},"datePublished":"2020-04-21T11:31:56+00:00","dateModified":"2026-04-02T20:08:14+00:00","breadcrumb":{"@id":"https:\/\/viaferratacaladelmoli.com\/ca\/informacions\/#breadcrumb"},"inLanguage":"ca","potentialAction":[{"@type":"ReadAction","target":["https:\/\/viaferratacaladelmoli.com\/ca\/informacions\/"]}]},{"@type":"BreadcrumbList","@id":"https:\/\/viaferratacaladelmoli.com\/ca\/informacions\/#breadcrumb","itemListElement":[{"@type":"ListItem","position":1,"name":"Portada","item":"https:\/\/viaferratacaladelmoli.com\/ca\/"},{"@type":"ListItem","position":2,"name":"Informacions"}]},{"@type":"WebSite","@id":"https:\/\/viaferratacaladelmoli.com\/#website","url":"https:\/\/viaferratacaladelmoli.com\/","name":"Via Ferrata Cala del Moli","description":"via Ferrata Cala del Moli, Sant Feliu de Guixols, Girona, spain","potentialAction":[{"@type":"SearchAction","target":{"@type":"EntryPoint","urlTemplate":"https:\/\/viaferratacaladelmoli.com\/?s={search_term_string}"},"query-input":{"@type":"PropertyValueSpecification","valueRequired":true,"valueName":"search_term_string"}}],"inLanguage":"ca"}]}},"_links":{"self":[{"href":"https:\/\/viaferratacaladelmoli.com\/ca\/wp-json\/wp\/v2\/pages\/52566","targetHints":{"allow":["GET"]}}],"collection":[{"href":"https:\/\/viaferratacaladelmoli.com\/ca\/wp-json\/wp\/v2\/pages"}],"about":[{"href":"https:\/\/viaferratacaladelmoli.com\/ca\/wp-json\/wp\/v2\/types\/page"}],"author":[{"embeddable":true,"href":"https:\/\/viaferratacaladelmoli.com\/ca\/wp-json\/wp\/v2\/users\/1"}],"replies":[{"embeddable":true,"href":"https:\/\/viaferratacaladelmoli.com\/ca\/wp-json\/wp\/v2\/comments?post=52566"}],"version-history":[{"count":28,"href":"https:\/\/viaferratacaladelmoli.com\/ca\/wp-json\/wp\/v2\/pages\/52566\/revisions"}],"predecessor-version":[{"id":53816,"href":"https:\/\/viaferratacaladelmoli.com\/ca\/wp-json\/wp\/v2\/pages\/52566\/revisions\/53816"}],"wp:attachment":[{"href":"https:\/\/viaferratacaladelmoli.com\/ca\/wp-json\/wp\/v2\/media?parent=52566"}],"curies":[{"name":"wp","href":"https:\/\/api.w.org\/{rel}","templated":true}]}}